{"id":338625,"date":"2021-09-20T15:34:30","date_gmt":"2021-09-20T13:34:30","guid":{"rendered":"https:\/\/www.varcolor.it\/settore-edilizia-per-esterni\/"},"modified":"2025-09-22T10:38:55","modified_gmt":"2025-09-22T08:38:55","slug":"bereiche-bauen-im-aussenbereich","status":"publish","type":"page","link":"https:\/\/www.varcolor.it\/de\/bereiche-bauen-im-aussenbereich\/","title":{"rendered":"Bereiche Bauen im Au\u00dfenbereich"},"content":{"rendered":"<p>[et_pb_section fb_built=&#8220;1&#8243; _builder_version=&#8220;4.15&#8243; background_color=&#8220;#e5e5e5&#8243; custom_padding=&#8220;20px||20px||true|false&#8220; da_disable_devices=&#8220;off|off|off&#8220; locked=&#8220;off&#8220; global_colors_info=&#8220;{}&#8220; da_is_popup=&#8220;off&#8220; da_exit_intent=&#8220;off&#8220; da_has_close=&#8220;on&#8220; da_alt_close=&#8220;off&#8220; da_dark_close=&#8220;off&#8220; da_not_modal=&#8220;on&#8220; da_is_singular=&#8220;off&#8220; da_with_loader=&#8220;off&#8220; da_has_shadow=&#8220;on&#8220;][et_pb_row _builder_version=&#8220;4.15&#8243; custom_margin=&#8220;0px||0px||true|false&#8220; custom_padding=&#8220;10px||10px||true|false&#8220; global_colors_info=&#8220;{}&#8220;][et_pb_column type=&#8220;4_4&#8243; _builder_version=&#8220;4.15&#8243; global_colors_info=&#8220;{}&#8220;][et_pb_text _builder_version=&#8220;4.15.1&#8243; text_font=&#8220;||||||||&#8220; header_font=&#8220;|||on|||||&#8220; header_text_color=&#8220;#202448&#8243; header_font_size=&#8220;40px&#8220; header_line_height=&#8220;1.3em&#8220; header_2_font_size=&#8220;24px&#8220; header_2_line_height=&#8220;1.3em&#8220; text_orientation=&#8220;center&#8220; background_layout=&#8220;dark&#8220; global_colors_info=&#8220;{}&#8220;]<\/p>\n<h1>Anwendungen f\u00fcr Bauen im Au\u00dfenbereich<\/h1>\n<p>[\/et_pb_text][\/et_pb_column][\/et_pb_row][\/et_pb_section][et_pb_section fb_built=&#8220;1&#8243; _builder_version=&#8220;4.15&#8243; da_disable_devices=&#8220;off|off|off&#8220; global_colors_info=&#8220;{}&#8220; da_is_popup=&#8220;off&#8220; da_exit_intent=&#8220;off&#8220; da_has_close=&#8220;on&#8220; da_alt_close=&#8220;off&#8220; da_dark_close=&#8220;off&#8220; da_not_modal=&#8220;on&#8220; da_is_singular=&#8220;off&#8220; da_with_loader=&#8220;off&#8220; da_has_shadow=&#8220;on&#8220;][et_pb_row column_structure=&#8220;1_2,1_2&#8243; make_equal=&#8220;on&#8220; _builder_version=&#8220;4.15.1&#8243; global_colors_info=&#8220;{}&#8220;][et_pb_column type=&#8220;1_2&#8243; _builder_version=&#8220;4.15&#8243; global_colors_info=&#8220;{}&#8220;][et_pb_image src=&#8220;https:\/\/www.varcolor.it\/wp-content\/uploads\/sites\/16\/2021\/09\/edilizia-per-esterni.jpg&#8220; title_text=&#8220;edilizia-per-esterni&#8220; _builder_version=&#8220;4.15.1&#8243; global_colors_info=&#8220;{}&#8220;][\/et_pb_image][\/et_pb_column][et_pb_column type=&#8220;1_2&#8243; _builder_version=&#8220;4.15&#8243; global_colors_info=&#8220;{}&#8220;][et_pb_text _builder_version=&#8220;4.15.1&#8243; global_colors_info=&#8220;{}&#8220;]<\/p>\n<p>Mit seinem revolution\u00e4ren neuen Farbsystem <span class=\"varprod\"><sub>VAR<\/sub>HD<sup>+<\/sup><\/span> bietet Varcolor der Baubranche ein dekoratives Produkt mit hoher Qualit\u00e4t, Vielseitigkeit und Sch\u00f6nheit.<\/p>\n<p>Die hohe Witterungsbest\u00e4ndigkeit von <span class=\"varprod\"><sub>VAR<\/sub>HD<sup>+<\/sup><\/span> wird durch strenge Qualit\u00e4tspr\u00fcfungen und die Verwendung verschiedener Metallbasen gew\u00e4hrleistet.<\/p>\n<p>Mit unseren <span class=\"varprod\"><sub>VAR<\/sub>pvc<\/span> und <span class=\"varprod\"><sub>VAR<\/sub>pet<\/span> Produkten bieten wir eine breite Palette an Farben und Dekorvarianten f\u00fcr alle Arten des Innenausbaus.<\/p>\n<p>[\/et_pb_text][\/et_pb_column][\/et_pb_row][\/et_pb_section][et_pb_section fb_built=&#8220;1&#8243; _builder_version=&#8220;4.15&#8243; background_color=&#8220;#f2f2f2&#8243; da_disable_devices=&#8220;off|off|off&#8220; locked=&#8220;off&#8220; global_colors_info=&#8220;{}&#8220; da_is_popup=&#8220;off&#8220; da_exit_intent=&#8220;off&#8220; da_has_close=&#8220;on&#8220; da_alt_close=&#8220;off&#8220; da_dark_close=&#8220;off&#8220; da_not_modal=&#8220;on&#8220; da_is_singular=&#8220;off&#8220; da_with_loader=&#8220;off&#8220; da_has_shadow=&#8220;on&#8220;][et_pb_row _builder_version=&#8220;4.15&#8243; custom_padding=&#8220;0px||||false|false&#8220; global_colors_info=&#8220;{}&#8220;][et_pb_column type=&#8220;4_4&#8243; _builder_version=&#8220;4.15&#8243; global_colors_info=&#8220;{}&#8220;][et_pb_text _builder_version=&#8220;4.15.1&#8243; header_3_font=&#8220;|600||on|||||&#8220; header_3_text_align=&#8220;center&#8220; global_colors_info=&#8220;{}&#8220;]<\/p>\n<h3>Produktfamilien zur Anwendung<\/h3>\n<p>[\/et_pb_text][\/et_pb_column][\/et_pb_row][et_pb_row column_structure=&#8220;1_6,1_6,1_6,1_6,1_6,1_6&#8243; use_custom_gutter=&#8220;on&#8220; gutter_width=&#8220;2&#8243; make_equal=&#8220;on&#8220; _builder_version=&#8220;4.15&#8243; width=&#8220;90%&#8220; max_width=&#8220;2560px&#8220; custom_margin=&#8220;0px||0px||true|false&#8220; custom_padding=&#8220;0px||0px||true|false&#8220; global_colors_info=&#8220;{}&#8220;][et_pb_column type=&#8220;1_6&#8243; _builder_version=&#8220;4.15&#8243; global_colors_info=&#8220;{}&#8220;][\/et_pb_column][et_pb_column type=&#8220;1_6&#8243; _builder_version=&#8220;4.15.1&#8243; _module_preset=&#8220;default&#8220; global_colors_info=&#8220;{}&#8220;][\/et_pb_column][et_pb_column type=&#8220;1_6&#8243; _builder_version=&#8220;4.15&#8243; global_colors_info=&#8220;{}&#8220;][et_pb_text module_class=&#8220;box-link-footer&#8220; _builder_version=&#8220;4.15.1&#8243; _dynamic_attributes=&#8220;link_option_url&#8220; text_text_color=&#8220;#202448&#8243; text_font_size=&#8220;13px&#8220; text_line_height=&#8220;1.3em&#8220; header_3_font=&#8220;|700|||||||&#8220; header_3_text_color=&#8220;#D4B061&#8243; background_color=&#8220;#ffffff&#8220; text_orientation=&#8220;center&#8220; custom_padding=&#8220;20px|20px|20px|20px|true|true&#8220; link_option_url=&#8220;@ET-DC@eyJkeW5hbWljIjp0cnVlLCJjb250ZW50IjoicG9zdF9saW5rX3VybF9wYWdlIiwic2V0dGluZ3MiOnsicG9zdF9pZCI6IjM0MjU3OCJ9fQ==@&#8220; hover_enabled=&#8220;0&#8243; custom_css_main_element=&#8220;height: 100%;&#8220; border_radii=&#8220;on|5px|5px|5px|5px&#8220; global_colors_info=&#8220;{}&#8220; background_color__hover=&#8220;#D4B061&#8243; background_enable_color__hover=&#8220;on&#8220; header_3_text_color__hover_enabled=&#8220;on|hover&#8220; header_3_text_color__hover=&#8220;#ffffff&#8220; text_text_color__hover_enabled=&#8220;on|hover&#8220; text_text_color__hover=&#8220;#ffffff&#8220; background__hover_enabled=&#8220;on|desktop&#8220; sticky_enabled=&#8220;0&#8243;]<\/p>\n<h3>VAR<span class=\"var-product\">HD<sup>+<\/sup><\/span><\/h3>\n<p>Mit Super-Polyester-Farbe beschichtete Metallbasis<\/p>\n<p>[\/et_pb_text][\/et_pb_column][et_pb_column type=&#8220;1_6&#8243; _builder_version=&#8220;4.15&#8243; global_colors_info=&#8220;{}&#8220;][et_pb_text module_class=&#8220;box-link-footer&#8220; _builder_version=&#8220;4.15.1&#8243; _dynamic_attributes=&#8220;link_option_url&#8220; text_text_color=&#8220;#202448&#8243; text_font_size=&#8220;13px&#8220; text_line_height=&#8220;1.3em&#8220; header_3_font=&#8220;|700|||||||&#8220; header_3_text_color=&#8220;#CF1316&#8243; background_color=&#8220;#ffffff&#8220; text_orientation=&#8220;center&#8220; custom_padding=&#8220;20px|20px|20px|20px|true|true&#8220; link_option_url=&#8220;@ET-DC@eyJkeW5hbWljIjp0cnVlLCJjb250ZW50IjoicG9zdF9saW5rX3VybF9wYWdlIiwic2V0dGluZ3MiOnsicG9zdF9pZCI6IjMzNTA3MCJ9fQ==@&#8220; custom_css_main_element=&#8220;height: 100%;&#8220; border_radii=&#8220;on|5px|5px|5px|5px&#8220; global_colors_info=&#8220;{}&#8220; background__hover_enabled=&#8220;on|hover&#8220; background_color__hover=&#8220;#CF1316&#8243; background_enable_color__hover=&#8220;on&#8220; header_3_text_color__hover_enabled=&#8220;on|hover&#8220; header_3_text_color__hover=&#8220;#ffffff&#8220; text_text_color__hover_enabled=&#8220;on|hover&#8220; text_text_color__hover=&#8220;#ffffff&#8220;]<\/p>\n<h3>VAR<span class=\"var-product\">ver<\/span><\/h3>\n<p>Mit Lack <br \/>beschichtete Metallbasis<\/p>\n<p>[\/et_pb_text][\/et_pb_column][et_pb_column type=&#8220;1_6&#8243; _builder_version=&#8220;4.15.1&#8243; _module_preset=&#8220;default&#8220; global_colors_info=&#8220;{}&#8220;][\/et_pb_column][et_pb_column type=&#8220;1_6&#8243; _builder_version=&#8220;4.15&#8243; global_colors_info=&#8220;{}&#8220;][\/et_pb_column][\/et_pb_row][et_pb_row _builder_version=&#8220;4.15.1&#8243; _module_preset=&#8220;default&#8220; global_colors_info=&#8220;{}&#8220;][et_pb_column type=&#8220;4_4&#8243; _builder_version=&#8220;4.15.1&#8243; _module_preset=&#8220;default&#8220; global_colors_info=&#8220;{}&#8220;][et_pb_image src=&#8220;https:\/\/www.varcolor.it\/wp-content\/uploads\/sites\/16\/2023\/04\/edilizia-DE.png&#8220; title_text=&#8220;Anwendungen f\u00fcr Bauen im Au\u00dfenbereich&#8220; align=&#8220;center&#8220; admin_label=&#8220;Immagine&#8220; _builder_version=&#8220;4.15.1&#8243; _module_preset=&#8220;default&#8220; width=&#8220;850px&#8220; max_width=&#8220;100%&#8220; custom_margin=&#8220;30px||||false|false&#8220; global_colors_info=&#8220;{}&#8220;][\/et_pb_image][\/et_pb_column][\/et_pb_row][\/et_pb_section][et_pb_section fb_built=&#8220;1&#8243; _builder_version=&#8220;4.15&#8243; custom_margin=&#8220;0px|0px|0px|0px|true|true&#8220; custom_padding=&#8220;0px|0px|0px|0px|true|true&#8220; da_disable_devices=&#8220;off|off|off&#8220; global_colors_info=&#8220;{}&#8220; da_is_popup=&#8220;off&#8220; da_exit_intent=&#8220;off&#8220; da_has_close=&#8220;on&#8220; da_alt_close=&#8220;off&#8220; da_dark_close=&#8220;off&#8220; da_not_modal=&#8220;on&#8220; da_is_singular=&#8220;off&#8220; da_with_loader=&#8220;off&#8220; da_has_shadow=&#8220;on&#8220;][et_pb_row column_structure=&#8220;1_6,1_6,1_6,1_6,1_6,1_6&#8243; use_custom_gutter=&#8220;on&#8220; gutter_width=&#8220;1&#8243; _builder_version=&#8220;4.15&#8243; width=&#8220;100%&#8220; max_width=&#8220;2560px&#8220; custom_margin=&#8220;0px|0px|0px|0px|true|true&#8220; custom_padding=&#8220;0px|0px|0px|0px|true|true&#8220; global_colors_info=&#8220;{}&#8220;][et_pb_column type=&#8220;1_6&#8243; _builder_version=&#8220;4.15&#8243; global_colors_info=&#8220;{}&#8220;][et_pb_image src=&#8220;https:\/\/www.varcolor.it\/wp-content\/uploads\/sites\/16\/2021\/09\/box-edilizia-per-esterni-01.jpg&#8220; title_text=&#8220;box-edilizia-per-esterni-01&#8243; show_bottom_space=&#8220;off&#8220; _builder_version=&#8220;4.15&#8243; global_colors_info=&#8220;{}&#8220;][\/et_pb_image][\/et_pb_column][et_pb_column type=&#8220;1_6&#8243; _builder_version=&#8220;4.15&#8243; global_colors_info=&#8220;{}&#8220;][et_pb_image src=&#8220;https:\/\/www.varcolor.it\/wp-content\/uploads\/sites\/16\/2021\/09\/box-edilizia-per-esterni-02.jpg&#8220; title_text=&#8220;box-edilizia-per-esterni-02&#8243; show_bottom_space=&#8220;off&#8220; _builder_version=&#8220;4.15&#8243; global_colors_info=&#8220;{}&#8220;][\/et_pb_image][\/et_pb_column][et_pb_column type=&#8220;1_6&#8243; _builder_version=&#8220;4.15&#8243; global_colors_info=&#8220;{}&#8220;][et_pb_image src=&#8220;https:\/\/www.varcolor.it\/wp-content\/uploads\/sites\/16\/2021\/09\/box-edilizia-per-esterni-03.jpg&#8220; title_text=&#8220;box-edilizia-per-esterni-03&#8243; show_bottom_space=&#8220;off&#8220; _builder_version=&#8220;4.15&#8243; global_colors_info=&#8220;{}&#8220;][\/et_pb_image][\/et_pb_column][et_pb_column type=&#8220;1_6&#8243; _builder_version=&#8220;4.15&#8243; global_colors_info=&#8220;{}&#8220;][et_pb_image src=&#8220;https:\/\/www.varcolor.it\/wp-content\/uploads\/sites\/16\/2021\/09\/box-edilizia-per-esterni-04.jpg&#8220; title_text=&#8220;box-edilizia-per-esterni-04&#8243; show_bottom_space=&#8220;off&#8220; _builder_version=&#8220;4.15&#8243; global_colors_info=&#8220;{}&#8220;][\/et_pb_image][\/et_pb_column][et_pb_column type=&#8220;1_6&#8243; _builder_version=&#8220;4.15&#8243; global_colors_info=&#8220;{}&#8220;][et_pb_image src=&#8220;https:\/\/www.varcolor.it\/wp-content\/uploads\/sites\/16\/2021\/09\/box-edilizia-per-esterni-05.jpg&#8220; title_text=&#8220;box-edilizia-per-esterni-05&#8243; show_bottom_space=&#8220;off&#8220; _builder_version=&#8220;4.15&#8243; global_colors_info=&#8220;{}&#8220;][\/et_pb_image][\/et_pb_column][et_pb_column type=&#8220;1_6&#8243; _builder_version=&#8220;4.15&#8243; global_colors_info=&#8220;{}&#8220;][et_pb_image src=&#8220;https:\/\/www.varcolor.it\/wp-content\/uploads\/sites\/16\/2021\/09\/box-edilizia-per-esterni-06.jpg&#8220; title_text=&#8220;box-edilizia-per-esterni-06&#8243; show_bottom_space=&#8220;off&#8220; _builder_version=&#8220;4.15&#8243; global_colors_info=&#8220;{}&#8220;][\/et_pb_image][\/et_pb_column][\/et_pb_row][\/et_pb_section]<\/p>\n","protected":false},"excerpt":{"rendered":"<p>Anwendungen f\u00fcr Bauen im Au\u00dfenbereichMit seinem revolution\u00e4ren neuen Farbsystem VARHD+ bietet Varcolor der Baubranche ein dekoratives Produkt mit hoher Qualit\u00e4t, Vielseitigkeit und Sch\u00f6nheit. Die hohe Witterungsbest\u00e4ndigkeit von VARHD+ wird durch strenge Qualit\u00e4tspr\u00fcfungen und die Verwendung verschiedener Metallbasen gew\u00e4hrleistet. Mit unseren VARpvc und VARpet Produkten bieten wir eine breite Palette an Farben und Dekorvarianten f\u00fcr alle [&hellip;]<\/p>\n","protected":false},"author":3,"featured_media":0,"parent":0,"menu_order":0,"comment_status":"closed","ping_status":"closed","template":"","meta":{"_et_pb_use_builder":"on","_et_pb_old_content":"","_et_gb_content_width":"","inline_featured_image":false,"ngg_post_thumbnail":0},"_links":{"self":[{"href":"https:\/\/www.varcolor.it\/de\/wp-json\/wp\/v2\/pages\/338625"}],"collection":[{"href":"https:\/\/www.varcolor.it\/de\/wp-json\/wp\/v2\/pages"}],"about":[{"href":"https:\/\/www.varcolor.it\/de\/wp-json\/wp\/v2\/types\/page"}],"author":[{"embeddable":true,"href":"https:\/\/www.varcolor.it\/de\/wp-json\/wp\/v2\/users\/3"}],"replies":[{"embeddable":true,"href":"https:\/\/www.varcolor.it\/de\/wp-json\/wp\/v2\/comments?post=338625"}],"version-history":[{"count":3,"href":"https:\/\/www.varcolor.it\/de\/wp-json\/wp\/v2\/pages\/338625\/revisions"}],"predecessor-version":[{"id":342750,"href":"https:\/\/www.varcolor.it\/de\/wp-json\/wp\/v2\/pages\/338625\/revisions\/342750"}],"wp:attachment":[{"href":"https:\/\/www.varcolor.it\/de\/wp-json\/wp\/v2\/media?parent=338625"}],"curies":[{"name":"wp","href":"https:\/\/api.w.org\/{rel}","templated":true}]}}